{"id":18089,"date":"2019-09-28T12:11:45","date_gmt":"2019-09-28T10:11:45","guid":{"rendered":"https:\/\/inclusivesocial.org\/produkt\/suscripcion-organizacional\/"},"modified":"2024-12-10T10:28:45","modified_gmt":"2024-12-10T09:28:45","slug":"suscripcionorganisazional","status":"publish","type":"product","link":"https:\/\/inclusivesocial.org\/es\/product\/suscripcionorganisazional\/","title":{"rendered":"Revista &#8216;Perspectives&#8217; Suscripci\u00f3n organizacional"},"content":{"rendered":"<style type=\"text\/css\"><\/style><p>Con la suscripci\u00f3n organizacional, seleccione cu\u00e1ntas copias impresas desea recibir para su organizaci\u00f3n (por n\u00famero de la revista), as\u00ed como el n\u00famero de miembros de su organizaci\u00f3n que le gustar\u00eda recibir acceso digital a la revista. (Se incluye el acceso digital para la cuenta a trav\u00e9s de la cual se contrata la suscripci\u00f3n.)<\/p>\n<p>Despu\u00e9s de haber contratado su suscripci\u00f3n, le pediremos que nos env\u00ede los nombres y direcciones de correo electr\u00f3nico de sus usuarios digitales en un archivo de Excel. Cada usuario recibir\u00e1 un recuento de acceso individual.<\/p>\n<p>Los precios m\u00ednimos mostrados corresponden al precio est\u00e1ndar para las suscripciones impresas y a un precio reducido para el acceso digital. Con un precio auto-seleccionado por encima del precio m\u00ednimo, su organizaci\u00f3n apoyar\u00e1 el desarrollo posterior de la revista y nos permitir\u00e1 ofrecerla a precios reducidos a organizaciones e individuos en nuestro campo de trabajo en situaciones financieramente dif\u00edciles.<\/p>\n<p>Si su organizaci\u00f3n est\u00e1 trabajando en circunstancias financieramente dif\u00edciles, p\u00f3ngase en contacto con nosotros (<a href=\"mailto:info@inclusivesocial.org\">info@inclusivesocial.org<\/a>). Trataremos de encontrar una soluci\u00f3n que sea adecuada a su situaci\u00f3n.<\/p>\n","protected":false},"excerpt":{"rendered":"<p>Por favor, seleccione el n\u00famero de usuarios digitales a los que desea dar acceso y el n\u00famero de ejemplares impresos que desea recibir por cada ejemplar. A continuaci\u00f3n, puede aceptar el precio sugerido o elegir un precio diferente superior o igual al precio m\u00ednimo mostrado. Consulte tambi\u00e9n la informaci\u00f3n en la descripci\u00f3n del producto (a continuaci\u00f3n). Todos los precios de las suscripciones se muestran inicialmente en CHF. Al pagar, en la caja puede elegir entre CHF y EUR. Los precios en euros se calculan en funci\u00f3n del tipo de cambio diario. Dependiendo de la moneda elegida, existen diferentes m\u00e9todos de pago.<\/p>\n","protected":false},"featured_media":17409,"template":"","meta":[],"product_brand":[],"product_cat":[124],"product_tag":[],"class_list":{"0":"post-18089","1":"product","2":"type-product","3":"status-publish","4":"has-post-thumbnail","6":"product_cat-revista","8":"first","9":"outofstock","10":"sold-individually","11":"shipping-taxable","12":"purchasable","13":"product-type-variable-subscription"},"yoast_head":"<!-- This site is optimized with the Yoast SEO plugin v27.4 - https:\/\/yoast.com\/product\/yoast-seo-wordpress\/ -->\n<title>Revista &#039;Perspectives&#039; Suscripci\u00f3n organizacional - Section for Inclusive Social Development<\/title>\n<meta name=\"robots\" content=\"noindex, follow\" \/>\n<meta property=\"og:locale\" content=\"es_ES\" \/>\n<meta property=\"og:type\" content=\"article\" \/>\n<meta property=\"og:title\" content=\"Revista &#039;Perspectives&#039; Suscripci\u00f3n organizacional - Section for Inclusive Social Development\" \/>\n<meta property=\"og:description\" content=\"Por favor, seleccione el n\u00famero de usuarios digitales a los que desea dar acceso y el n\u00famero de ejemplares impresos que desea recibir por cada ejemplar. A continuaci\u00f3n, puede aceptar el precio sugerido o elegir un precio diferente superior o igual al precio m\u00ednimo mostrado. Consulte tambi\u00e9n la informaci\u00f3n en la descripci\u00f3n del producto (a continuaci\u00f3n). Todos los precios de las suscripciones se muestran inicialmente en CHF. Al pagar, en la caja puede elegir entre CHF y EUR. Los precios en euros se calculan en funci\u00f3n del tipo de cambio diario. Dependiendo de la moneda elegida, existen diferentes m\u00e9todos de pago.\" \/>\n<meta property=\"og:url\" content=\"https:\/\/inclusivesocial.org\/es\/product\/suscripcionorganisazional\/\" \/>\n<meta property=\"og:site_name\" content=\"Section for Inclusive Social Development\" \/>\n<meta property=\"article:publisher\" content=\"https:\/\/www.facebook.com\/inclusivesocial\/\" \/>\n<meta property=\"article:modified_time\" content=\"2024-12-10T09:28:45+00:00\" \/>\n<meta property=\"og:image\" content=\"https:\/\/inclusivesocial.org\/wp-content\/uploads\/2019\/09\/perspektives_titel_web_q.jpeg\" \/>\n\t<meta property=\"og:image:width\" content=\"2083\" \/>\n\t<meta property=\"og:image:height\" content=\"2083\" \/>\n\t<meta property=\"og:image:type\" content=\"image\/jpeg\" \/>\n<meta name=\"twitter:card\" content=\"summary_large_image\" \/>\n<meta name=\"twitter:label1\" content=\"Tiempo de lectura\" \/>\n\t<meta name=\"twitter:data1\" content=\"1 minuto\" \/>\n<script type=\"application\/ld+json\" class=\"yoast-schema-graph\">{\"@context\":\"https:\\\/\\\/schema.org\",\"@graph\":[{\"@type\":\"WebPage\",\"@id\":\"https:\\\/\\\/inclusivesocial.org\\\/es\\\/product\\\/suscripcionorganisazional\\\/\",\"url\":\"https:\\\/\\\/inclusivesocial.org\\\/es\\\/product\\\/suscripcionorganisazional\\\/\",\"name\":\"Revista 'Perspectives' Suscripci\u00f3n organizacional - Section for Inclusive Social Development\",\"isPartOf\":{\"@id\":\"https:\\\/\\\/inclusivesocial.org\\\/es\\\/#website\"},\"primaryImageOfPage\":{\"@id\":\"https:\\\/\\\/inclusivesocial.org\\\/es\\\/product\\\/suscripcionorganisazional\\\/#primaryimage\"},\"image\":{\"@id\":\"https:\\\/\\\/inclusivesocial.org\\\/es\\\/product\\\/suscripcionorganisazional\\\/#primaryimage\"},\"thumbnailUrl\":\"https:\\\/\\\/inclusivesocial.org\\\/wp-content\\\/uploads\\\/2019\\\/09\\\/perspektives_titel_web_q.jpeg\",\"datePublished\":\"2019-09-28T10:11:45+00:00\",\"dateModified\":\"2024-12-10T09:28:45+00:00\",\"breadcrumb\":{\"@id\":\"https:\\\/\\\/inclusivesocial.org\\\/es\\\/product\\\/suscripcionorganisazional\\\/#breadcrumb\"},\"inLanguage\":\"es\",\"potentialAction\":[{\"@type\":\"ReadAction\",\"target\":[\"https:\\\/\\\/inclusivesocial.org\\\/es\\\/product\\\/suscripcionorganisazional\\\/\"]}]},{\"@type\":\"ImageObject\",\"inLanguage\":\"es\",\"@id\":\"https:\\\/\\\/inclusivesocial.org\\\/es\\\/product\\\/suscripcionorganisazional\\\/#primaryimage\",\"url\":\"https:\\\/\\\/inclusivesocial.org\\\/wp-content\\\/uploads\\\/2019\\\/09\\\/perspektives_titel_web_q.jpeg\",\"contentUrl\":\"https:\\\/\\\/inclusivesocial.org\\\/wp-content\\\/uploads\\\/2019\\\/09\\\/perspektives_titel_web_q.jpeg\",\"width\":2083,\"height\":2083},{\"@type\":\"BreadcrumbList\",\"@id\":\"https:\\\/\\\/inclusivesocial.org\\\/es\\\/product\\\/suscripcionorganisazional\\\/#breadcrumb\",\"itemListElement\":[{\"@type\":\"ListItem\",\"position\":1,\"name\":\"Home\",\"item\":\"https:\\\/\\\/inclusivesocial.org\\\/es\\\/home\\\/\"},{\"@type\":\"ListItem\",\"position\":2,\"name\":\"Suscribirse a Perspectives\",\"item\":\"https:\\\/\\\/inclusivesocial.org\\\/es\\\/suscribirse-a-perspectives\\\/\"},{\"@type\":\"ListItem\",\"position\":3,\"name\":\"Revista &#8216;Perspectives&#8217; Suscripci\u00f3n organizacional\"}]},{\"@type\":\"WebSite\",\"@id\":\"https:\\\/\\\/inclusivesocial.org\\\/es\\\/#website\",\"url\":\"https:\\\/\\\/inclusivesocial.org\\\/es\\\/\",\"name\":\"Inclusive Social\",\"description\":\"EDUCATION \\\/\\\/ WELLBEING \\\/\\\/ COMMUNITY\",\"publisher\":{\"@id\":\"https:\\\/\\\/inclusivesocial.org\\\/es\\\/#organization\"},\"potentialAction\":[{\"@type\":\"SearchAction\",\"target\":{\"@type\":\"EntryPoint\",\"urlTemplate\":\"https:\\\/\\\/inclusivesocial.org\\\/es\\\/?s={search_term_string}\"},\"query-input\":{\"@type\":\"PropertyValueSpecification\",\"valueRequired\":true,\"valueName\":\"search_term_string\"}}],\"inLanguage\":\"es\"},{\"@type\":\"Organization\",\"@id\":\"https:\\\/\\\/inclusivesocial.org\\\/es\\\/#organization\",\"name\":\"Section for Inclusive Social Development\",\"url\":\"https:\\\/\\\/inclusivesocial.org\\\/es\\\/\",\"logo\":{\"@type\":\"ImageObject\",\"inLanguage\":\"es\",\"@id\":\"https:\\\/\\\/inclusivesocial.org\\\/es\\\/#\\\/schema\\\/logo\\\/image\\\/\",\"url\":\"https:\\\/\\\/inclusivesocial.org\\\/wp-content\\\/uploads\\\/2024\\\/10\\\/heilpaedagogik-und-inklusive-soziale-entwicklung-dreizeiler-de-en-full-color-rgb-900px-w-72ppi.png\",\"contentUrl\":\"https:\\\/\\\/inclusivesocial.org\\\/wp-content\\\/uploads\\\/2024\\\/10\\\/heilpaedagogik-und-inklusive-soziale-entwicklung-dreizeiler-de-en-full-color-rgb-900px-w-72ppi.png\",\"width\":901,\"height\":158,\"caption\":\"Section for Inclusive Social Development\"},\"image\":{\"@id\":\"https:\\\/\\\/inclusivesocial.org\\\/es\\\/#\\\/schema\\\/logo\\\/image\\\/\"},\"sameAs\":[\"https:\\\/\\\/www.facebook.com\\\/inclusivesocial\\\/\",\"https:\\\/\\\/www.instagram.com\\\/inclusivesocial\\\/\"]}]}<\/script>\n<!-- \/ Yoast SEO plugin. -->","yoast_head_json":{"title":"Revista 'Perspectives' Suscripci\u00f3n organizacional - Section for Inclusive Social Development","robots":{"index":"noindex","follow":"follow"},"og_locale":"es_ES","og_type":"article","og_title":"Revista 'Perspectives' Suscripci\u00f3n organizacional - Section for Inclusive Social Development","og_description":"Por favor, seleccione el n\u00famero de usuarios digitales a los que desea dar acceso y el n\u00famero de ejemplares impresos que desea recibir por cada ejemplar. A continuaci\u00f3n, puede aceptar el precio sugerido o elegir un precio diferente superior o igual al precio m\u00ednimo mostrado. Consulte tambi\u00e9n la informaci\u00f3n en la descripci\u00f3n del producto (a continuaci\u00f3n). Todos los precios de las suscripciones se muestran inicialmente en CHF. Al pagar, en la caja puede elegir entre CHF y EUR. Los precios en euros se calculan en funci\u00f3n del tipo de cambio diario. Dependiendo de la moneda elegida, existen diferentes m\u00e9todos de pago.","og_url":"https:\/\/inclusivesocial.org\/es\/product\/suscripcionorganisazional\/","og_site_name":"Section for Inclusive Social Development","article_publisher":"https:\/\/www.facebook.com\/inclusivesocial\/","article_modified_time":"2024-12-10T09:28:45+00:00","og_image":[{"width":2083,"height":2083,"url":"https:\/\/inclusivesocial.org\/wp-content\/uploads\/2019\/09\/perspektives_titel_web_q.jpeg","type":"image\/jpeg"}],"twitter_card":"summary_large_image","twitter_misc":{"Tiempo de lectura":"1 minuto"},"schema":{"@context":"https:\/\/schema.org","@graph":[{"@type":"WebPage","@id":"https:\/\/inclusivesocial.org\/es\/product\/suscripcionorganisazional\/","url":"https:\/\/inclusivesocial.org\/es\/product\/suscripcionorganisazional\/","name":"Revista 'Perspectives' Suscripci\u00f3n organizacional - Section for Inclusive Social Development","isPartOf":{"@id":"https:\/\/inclusivesocial.org\/es\/#website"},"primaryImageOfPage":{"@id":"https:\/\/inclusivesocial.org\/es\/product\/suscripcionorganisazional\/#primaryimage"},"image":{"@id":"https:\/\/inclusivesocial.org\/es\/product\/suscripcionorganisazional\/#primaryimage"},"thumbnailUrl":"https:\/\/inclusivesocial.org\/wp-content\/uploads\/2019\/09\/perspektives_titel_web_q.jpeg","datePublished":"2019-09-28T10:11:45+00:00","dateModified":"2024-12-10T09:28:45+00:00","breadcrumb":{"@id":"https:\/\/inclusivesocial.org\/es\/product\/suscripcionorganisazional\/#breadcrumb"},"inLanguage":"es","potentialAction":[{"@type":"ReadAction","target":["https:\/\/inclusivesocial.org\/es\/product\/suscripcionorganisazional\/"]}]},{"@type":"ImageObject","inLanguage":"es","@id":"https:\/\/inclusivesocial.org\/es\/product\/suscripcionorganisazional\/#primaryimage","url":"https:\/\/inclusivesocial.org\/wp-content\/uploads\/2019\/09\/perspektives_titel_web_q.jpeg","contentUrl":"https:\/\/inclusivesocial.org\/wp-content\/uploads\/2019\/09\/perspektives_titel_web_q.jpeg","width":2083,"height":2083},{"@type":"BreadcrumbList","@id":"https:\/\/inclusivesocial.org\/es\/product\/suscripcionorganisazional\/#breadcrumb","itemListElement":[{"@type":"ListItem","position":1,"name":"Home","item":"https:\/\/inclusivesocial.org\/es\/home\/"},{"@type":"ListItem","position":2,"name":"Suscribirse a Perspectives","item":"https:\/\/inclusivesocial.org\/es\/suscribirse-a-perspectives\/"},{"@type":"ListItem","position":3,"name":"Revista &#8216;Perspectives&#8217; Suscripci\u00f3n organizacional"}]},{"@type":"WebSite","@id":"https:\/\/inclusivesocial.org\/es\/#website","url":"https:\/\/inclusivesocial.org\/es\/","name":"Inclusive Social","description":"EDUCATION \/\/ WELLBEING \/\/ COMMUNITY","publisher":{"@id":"https:\/\/inclusivesocial.org\/es\/#organization"},"potentialAction":[{"@type":"SearchAction","target":{"@type":"EntryPoint","urlTemplate":"https:\/\/inclusivesocial.org\/es\/?s={search_term_string}"},"query-input":{"@type":"PropertyValueSpecification","valueRequired":true,"valueName":"search_term_string"}}],"inLanguage":"es"},{"@type":"Organization","@id":"https:\/\/inclusivesocial.org\/es\/#organization","name":"Section for Inclusive Social Development","url":"https:\/\/inclusivesocial.org\/es\/","logo":{"@type":"ImageObject","inLanguage":"es","@id":"https:\/\/inclusivesocial.org\/es\/#\/schema\/logo\/image\/","url":"https:\/\/inclusivesocial.org\/wp-content\/uploads\/2024\/10\/heilpaedagogik-und-inklusive-soziale-entwicklung-dreizeiler-de-en-full-color-rgb-900px-w-72ppi.png","contentUrl":"https:\/\/inclusivesocial.org\/wp-content\/uploads\/2024\/10\/heilpaedagogik-und-inklusive-soziale-entwicklung-dreizeiler-de-en-full-color-rgb-900px-w-72ppi.png","width":901,"height":158,"caption":"Section for Inclusive Social Development"},"image":{"@id":"https:\/\/inclusivesocial.org\/es\/#\/schema\/logo\/image\/"},"sameAs":["https:\/\/www.facebook.com\/inclusivesocial\/","https:\/\/www.instagram.com\/inclusivesocial\/"]}]}},"_links":{"self":[{"href":"https:\/\/inclusivesocial.org\/es\/wp-json\/wp\/v2\/product\/18089","targetHints":{"allow":["GET"]}}],"collection":[{"href":"https:\/\/inclusivesocial.org\/es\/wp-json\/wp\/v2\/product"}],"about":[{"href":"https:\/\/inclusivesocial.org\/es\/wp-json\/wp\/v2\/types\/product"}],"wp:featuredmedia":[{"embeddable":true,"href":"https:\/\/inclusivesocial.org\/es\/wp-json\/wp\/v2\/media\/17409"}],"wp:attachment":[{"href":"https:\/\/inclusivesocial.org\/es\/wp-json\/wp\/v2\/media?parent=18089"}],"wp:term":[{"taxonomy":"product_brand","embeddable":true,"href":"https:\/\/inclusivesocial.org\/es\/wp-json\/wp\/v2\/product_brand?post=18089"},{"taxonomy":"product_cat","embeddable":true,"href":"https:\/\/inclusivesocial.org\/es\/wp-json\/wp\/v2\/product_cat?post=18089"},{"taxonomy":"product_tag","embeddable":true,"href":"https:\/\/inclusivesocial.org\/es\/wp-json\/wp\/v2\/product_tag?post=18089"}],"curies":[{"name":"wp","href":"https:\/\/api.w.org\/{rel}","templated":true}]}}