{"id":19057,"date":"2019-10-03T11:05:10","date_gmt":"2019-10-03T09:05:10","guid":{"rendered":"https:\/\/inclusivesocial.org\/?post_type=product&#038;p=19057"},"modified":"2024-12-10T10:29:21","modified_gmt":"2024-12-10T09:29:21","slug":"senioren-abonnement","status":"publish","type":"product","link":"https:\/\/inclusivesocial.org\/es\/product\/senioren-abonnement\/","title":{"rendered":"Revista &#8216;Perspectives&#8217; Suscripci\u00f3n para jubilados"},"content":{"rendered":"<style type=\"text\/css\"><\/style><p>Anthroposophic Perspectives for Inclusive Social Development es la revista internacional biling\u00fce de Pedagog\u00eda Curativa y Terapia Social antropos\u00f3fica. Se publica trimestralmente en forma impresa y digital en la p\u00e1gina web del Anthroposophic Council for Inclusive Social Development.<\/p>\n<p>Para las personas mayores ofrecemos este abono reducido. Al pagar, por favor, cargue la prueba de que ha alcanzado la edad legal de jubilaci\u00f3n en su pa\u00eds. Su pedido ser\u00e1 liberado despu\u00e9s de la aceptaci\u00f3n de la solicitud.<\/p>\n","protected":false},"excerpt":{"rendered":"<p>Para los que trabajan en la Pedagog\u00eda Curativa Antropos\u00f3fica y en la Terapia Social en situaciones de debilidad econ\u00f3mica. Al pagar, por favor, cargue la prueba de que ha alcanzado la edad legal de jubilaci\u00f3n en su pa\u00eds. Todos los precios de las suscripciones se muestran inicialmente en CHF. Al pagar, en la caja puede elegir entre CHF y EUR. Los precios en euros se calculan en funci\u00f3n del tipo de cambio diario. Dependiendo de la moneda elegida, existen diferentes m\u00e9todos de pago.<\/p>\n","protected":false},"featured_media":17409,"template":"","meta":[],"product_brand":[],"product_cat":[124],"product_tag":[],"class_list":{"0":"post-19057","1":"product","2":"type-product","3":"status-publish","4":"has-post-thumbnail","6":"product_cat-revista","8":"first","9":"outofstock","10":"shipping-taxable","11":"purchasable","12":"product-type-variable-subscription"},"yoast_head":"<!-- This site is optimized with the Yoast SEO plugin v27.5 - https:\/\/yoast.com\/product\/yoast-seo-wordpress\/ -->\n<title>Revista &#039;Perspectives&#039; Suscripci\u00f3n para jubilados - Section for Inclusive Social Development<\/title>\n<meta name=\"robots\" content=\"noindex, follow\" \/>\n<meta property=\"og:locale\" content=\"es_ES\" \/>\n<meta property=\"og:type\" content=\"article\" \/>\n<meta property=\"og:title\" content=\"Revista &#039;Perspectives&#039; Suscripci\u00f3n para jubilados - Section for Inclusive Social Development\" \/>\n<meta property=\"og:description\" content=\"Para los que trabajan en la Pedagog\u00eda Curativa Antropos\u00f3fica y en la Terapia Social en situaciones de debilidad econ\u00f3mica. Al pagar, por favor, cargue la prueba de que ha alcanzado la edad legal de jubilaci\u00f3n en su pa\u00eds. Todos los precios de las suscripciones se muestran inicialmente en CHF. Al pagar, en la caja puede elegir entre CHF y EUR. Los precios en euros se calculan en funci\u00f3n del tipo de cambio diario. Dependiendo de la moneda elegida, existen diferentes m\u00e9todos de pago.\" \/>\n<meta property=\"og:url\" content=\"https:\/\/inclusivesocial.org\/es\/product\/senioren-abonnement\/\" \/>\n<meta property=\"og:site_name\" content=\"Section for Inclusive Social Development\" \/>\n<meta property=\"article:publisher\" content=\"https:\/\/www.facebook.com\/inclusivesocial\/\" \/>\n<meta property=\"article:modified_time\" content=\"2024-12-10T09:29:21+00:00\" \/>\n<meta property=\"og:image\" content=\"https:\/\/inclusivesocial.org\/wp-content\/uploads\/2019\/09\/perspektives_titel_web_q.jpeg\" \/>\n\t<meta property=\"og:image:width\" content=\"2083\" \/>\n\t<meta property=\"og:image:height\" content=\"2083\" \/>\n\t<meta property=\"og:image:type\" content=\"image\/jpeg\" \/>\n<meta name=\"twitter:card\" content=\"summary_large_image\" \/>\n<script type=\"application\/ld+json\" class=\"yoast-schema-graph\">{\"@context\":\"https:\\\/\\\/schema.org\",\"@graph\":[{\"@type\":\"WebPage\",\"@id\":\"https:\\\/\\\/inclusivesocial.org\\\/es\\\/product\\\/senioren-abonnement\\\/\",\"url\":\"https:\\\/\\\/inclusivesocial.org\\\/es\\\/product\\\/senioren-abonnement\\\/\",\"name\":\"Revista 'Perspectives' Suscripci\u00f3n para jubilados - Section for Inclusive Social Development\",\"isPartOf\":{\"@id\":\"https:\\\/\\\/inclusivesocial.org\\\/es\\\/#website\"},\"primaryImageOfPage\":{\"@id\":\"https:\\\/\\\/inclusivesocial.org\\\/es\\\/product\\\/senioren-abonnement\\\/#primaryimage\"},\"image\":{\"@id\":\"https:\\\/\\\/inclusivesocial.org\\\/es\\\/product\\\/senioren-abonnement\\\/#primaryimage\"},\"thumbnailUrl\":\"https:\\\/\\\/inclusivesocial.org\\\/wp-content\\\/uploads\\\/2019\\\/09\\\/perspektives_titel_web_q.jpeg\",\"datePublished\":\"2019-10-03T09:05:10+00:00\",\"dateModified\":\"2024-12-10T09:29:21+00:00\",\"breadcrumb\":{\"@id\":\"https:\\\/\\\/inclusivesocial.org\\\/es\\\/product\\\/senioren-abonnement\\\/#breadcrumb\"},\"inLanguage\":\"es\",\"potentialAction\":[{\"@type\":\"ReadAction\",\"target\":[\"https:\\\/\\\/inclusivesocial.org\\\/es\\\/product\\\/senioren-abonnement\\\/\"]}]},{\"@type\":\"ImageObject\",\"inLanguage\":\"es\",\"@id\":\"https:\\\/\\\/inclusivesocial.org\\\/es\\\/product\\\/senioren-abonnement\\\/#primaryimage\",\"url\":\"https:\\\/\\\/inclusivesocial.org\\\/wp-content\\\/uploads\\\/2019\\\/09\\\/perspektives_titel_web_q.jpeg\",\"contentUrl\":\"https:\\\/\\\/inclusivesocial.org\\\/wp-content\\\/uploads\\\/2019\\\/09\\\/perspektives_titel_web_q.jpeg\",\"width\":2083,\"height\":2083},{\"@type\":\"BreadcrumbList\",\"@id\":\"https:\\\/\\\/inclusivesocial.org\\\/es\\\/product\\\/senioren-abonnement\\\/#breadcrumb\",\"itemListElement\":[{\"@type\":\"ListItem\",\"position\":1,\"name\":\"Home\",\"item\":\"https:\\\/\\\/inclusivesocial.org\\\/es\\\/home\\\/\"},{\"@type\":\"ListItem\",\"position\":2,\"name\":\"Suscribirse a Perspectives\",\"item\":\"https:\\\/\\\/inclusivesocial.org\\\/es\\\/suscribirse-a-perspectives\\\/\"},{\"@type\":\"ListItem\",\"position\":3,\"name\":\"Revista &#8216;Perspectives&#8217; Suscripci\u00f3n para jubilados\"}]},{\"@type\":\"WebSite\",\"@id\":\"https:\\\/\\\/inclusivesocial.org\\\/es\\\/#website\",\"url\":\"https:\\\/\\\/inclusivesocial.org\\\/es\\\/\",\"name\":\"Inclusive Social\",\"description\":\"EDUCATION \\\/\\\/ WELLBEING \\\/\\\/ COMMUNITY\",\"publisher\":{\"@id\":\"https:\\\/\\\/inclusivesocial.org\\\/es\\\/#organization\"},\"potentialAction\":[{\"@type\":\"SearchAction\",\"target\":{\"@type\":\"EntryPoint\",\"urlTemplate\":\"https:\\\/\\\/inclusivesocial.org\\\/es\\\/?s={search_term_string}\"},\"query-input\":{\"@type\":\"PropertyValueSpecification\",\"valueRequired\":true,\"valueName\":\"search_term_string\"}}],\"inLanguage\":\"es\"},{\"@type\":\"Organization\",\"@id\":\"https:\\\/\\\/inclusivesocial.org\\\/es\\\/#organization\",\"name\":\"Section for Inclusive Social Development\",\"url\":\"https:\\\/\\\/inclusivesocial.org\\\/es\\\/\",\"logo\":{\"@type\":\"ImageObject\",\"inLanguage\":\"es\",\"@id\":\"https:\\\/\\\/inclusivesocial.org\\\/es\\\/#\\\/schema\\\/logo\\\/image\\\/\",\"url\":\"https:\\\/\\\/inclusivesocial.org\\\/wp-content\\\/uploads\\\/2024\\\/10\\\/heilpaedagogik-und-inklusive-soziale-entwicklung-dreizeiler-de-en-full-color-rgb-900px-w-72ppi.png\",\"contentUrl\":\"https:\\\/\\\/inclusivesocial.org\\\/wp-content\\\/uploads\\\/2024\\\/10\\\/heilpaedagogik-und-inklusive-soziale-entwicklung-dreizeiler-de-en-full-color-rgb-900px-w-72ppi.png\",\"width\":901,\"height\":158,\"caption\":\"Section for Inclusive Social Development\"},\"image\":{\"@id\":\"https:\\\/\\\/inclusivesocial.org\\\/es\\\/#\\\/schema\\\/logo\\\/image\\\/\"},\"sameAs\":[\"https:\\\/\\\/www.facebook.com\\\/inclusivesocial\\\/\",\"https:\\\/\\\/www.instagram.com\\\/inclusivesocial\\\/\"]}]}<\/script>\n<!-- \/ Yoast SEO plugin. -->","yoast_head_json":{"title":"Revista 'Perspectives' Suscripci\u00f3n para jubilados - Section for Inclusive Social Development","robots":{"index":"noindex","follow":"follow"},"og_locale":"es_ES","og_type":"article","og_title":"Revista 'Perspectives' Suscripci\u00f3n para jubilados - Section for Inclusive Social Development","og_description":"Para los que trabajan en la Pedagog\u00eda Curativa Antropos\u00f3fica y en la Terapia Social en situaciones de debilidad econ\u00f3mica. Al pagar, por favor, cargue la prueba de que ha alcanzado la edad legal de jubilaci\u00f3n en su pa\u00eds. Todos los precios de las suscripciones se muestran inicialmente en CHF. Al pagar, en la caja puede elegir entre CHF y EUR. Los precios en euros se calculan en funci\u00f3n del tipo de cambio diario. Dependiendo de la moneda elegida, existen diferentes m\u00e9todos de pago.","og_url":"https:\/\/inclusivesocial.org\/es\/product\/senioren-abonnement\/","og_site_name":"Section for Inclusive Social Development","article_publisher":"https:\/\/www.facebook.com\/inclusivesocial\/","article_modified_time":"2024-12-10T09:29:21+00:00","og_image":[{"width":2083,"height":2083,"url":"https:\/\/inclusivesocial.org\/wp-content\/uploads\/2019\/09\/perspektives_titel_web_q.jpeg","type":"image\/jpeg"}],"twitter_card":"summary_large_image","schema":{"@context":"https:\/\/schema.org","@graph":[{"@type":"WebPage","@id":"https:\/\/inclusivesocial.org\/es\/product\/senioren-abonnement\/","url":"https:\/\/inclusivesocial.org\/es\/product\/senioren-abonnement\/","name":"Revista 'Perspectives' Suscripci\u00f3n para jubilados - Section for Inclusive Social Development","isPartOf":{"@id":"https:\/\/inclusivesocial.org\/es\/#website"},"primaryImageOfPage":{"@id":"https:\/\/inclusivesocial.org\/es\/product\/senioren-abonnement\/#primaryimage"},"image":{"@id":"https:\/\/inclusivesocial.org\/es\/product\/senioren-abonnement\/#primaryimage"},"thumbnailUrl":"https:\/\/inclusivesocial.org\/wp-content\/uploads\/2019\/09\/perspektives_titel_web_q.jpeg","datePublished":"2019-10-03T09:05:10+00:00","dateModified":"2024-12-10T09:29:21+00:00","breadcrumb":{"@id":"https:\/\/inclusivesocial.org\/es\/product\/senioren-abonnement\/#breadcrumb"},"inLanguage":"es","potentialAction":[{"@type":"ReadAction","target":["https:\/\/inclusivesocial.org\/es\/product\/senioren-abonnement\/"]}]},{"@type":"ImageObject","inLanguage":"es","@id":"https:\/\/inclusivesocial.org\/es\/product\/senioren-abonnement\/#primaryimage","url":"https:\/\/inclusivesocial.org\/wp-content\/uploads\/2019\/09\/perspektives_titel_web_q.jpeg","contentUrl":"https:\/\/inclusivesocial.org\/wp-content\/uploads\/2019\/09\/perspektives_titel_web_q.jpeg","width":2083,"height":2083},{"@type":"BreadcrumbList","@id":"https:\/\/inclusivesocial.org\/es\/product\/senioren-abonnement\/#breadcrumb","itemListElement":[{"@type":"ListItem","position":1,"name":"Home","item":"https:\/\/inclusivesocial.org\/es\/home\/"},{"@type":"ListItem","position":2,"name":"Suscribirse a Perspectives","item":"https:\/\/inclusivesocial.org\/es\/suscribirse-a-perspectives\/"},{"@type":"ListItem","position":3,"name":"Revista &#8216;Perspectives&#8217; Suscripci\u00f3n para jubilados"}]},{"@type":"WebSite","@id":"https:\/\/inclusivesocial.org\/es\/#website","url":"https:\/\/inclusivesocial.org\/es\/","name":"Inclusive Social","description":"EDUCATION \/\/ WELLBEING \/\/ COMMUNITY","publisher":{"@id":"https:\/\/inclusivesocial.org\/es\/#organization"},"potentialAction":[{"@type":"SearchAction","target":{"@type":"EntryPoint","urlTemplate":"https:\/\/inclusivesocial.org\/es\/?s={search_term_string}"},"query-input":{"@type":"PropertyValueSpecification","valueRequired":true,"valueName":"search_term_string"}}],"inLanguage":"es"},{"@type":"Organization","@id":"https:\/\/inclusivesocial.org\/es\/#organization","name":"Section for Inclusive Social Development","url":"https:\/\/inclusivesocial.org\/es\/","logo":{"@type":"ImageObject","inLanguage":"es","@id":"https:\/\/inclusivesocial.org\/es\/#\/schema\/logo\/image\/","url":"https:\/\/inclusivesocial.org\/wp-content\/uploads\/2024\/10\/heilpaedagogik-und-inklusive-soziale-entwicklung-dreizeiler-de-en-full-color-rgb-900px-w-72ppi.png","contentUrl":"https:\/\/inclusivesocial.org\/wp-content\/uploads\/2024\/10\/heilpaedagogik-und-inklusive-soziale-entwicklung-dreizeiler-de-en-full-color-rgb-900px-w-72ppi.png","width":901,"height":158,"caption":"Section for Inclusive Social Development"},"image":{"@id":"https:\/\/inclusivesocial.org\/es\/#\/schema\/logo\/image\/"},"sameAs":["https:\/\/www.facebook.com\/inclusivesocial\/","https:\/\/www.instagram.com\/inclusivesocial\/"]}]}},"_links":{"self":[{"href":"https:\/\/inclusivesocial.org\/es\/wp-json\/wp\/v2\/product\/19057","targetHints":{"allow":["GET"]}}],"collection":[{"href":"https:\/\/inclusivesocial.org\/es\/wp-json\/wp\/v2\/product"}],"about":[{"href":"https:\/\/inclusivesocial.org\/es\/wp-json\/wp\/v2\/types\/product"}],"wp:featuredmedia":[{"embeddable":true,"href":"https:\/\/inclusivesocial.org\/es\/wp-json\/wp\/v2\/media\/17409"}],"wp:attachment":[{"href":"https:\/\/inclusivesocial.org\/es\/wp-json\/wp\/v2\/media?parent=19057"}],"wp:term":[{"taxonomy":"product_brand","embeddable":true,"href":"https:\/\/inclusivesocial.org\/es\/wp-json\/wp\/v2\/product_brand?post=19057"},{"taxonomy":"product_cat","embeddable":true,"href":"https:\/\/inclusivesocial.org\/es\/wp-json\/wp\/v2\/product_cat?post=19057"},{"taxonomy":"product_tag","embeddable":true,"href":"https:\/\/inclusivesocial.org\/es\/wp-json\/wp\/v2\/product_tag?post=19057"}],"curies":[{"name":"wp","href":"https:\/\/api.w.org\/{rel}","templated":true}]}}